{"id":781,"date":"2016-07-19T11:47:57","date_gmt":"2016-07-19T09:47:57","guid":{"rendered":"http:\/\/www.larchenheim.com\/?page_id=781&#038;lang=de"},"modified":"2024-09-06T10:22:32","modified_gmt":"2024-09-06T08:22:32","slug":"home","status":"publish","type":"page","link":"https:\/\/www.larchenheim.com\/de","title":{"rendered":"HOME"},"content":{"rendered":"<p><div class=\"fusion-bg-parallax\" data-bg-align=\"right bottom\" data-direction=\"left\" data-mute=\"false\" data-opacity=\"100\" data-velocity=\"-0.3\" data-mobile-enabled=\"false\" data-break_parents=\"0\" data-bg-image=\"http:\/\/www.larchenheim.com\/wp-content\/uploads\/bg-appartamenti-val-dultimo-prezzi-last-minute-offerte-occasioni-vacanze-estive-invernali.png.png\" data-bg-repeat=\"false\" ><\/div><div class=\"fusion-fullwidth fullwidth-box fusion-builder-row-1 fusion-parallax-left colh nonhundred-percent-fullwidth non-hundred-percent-height-scrolling\" style=\"background-color: rgba(255,255,255,0);background-image: url(&quot;http:\/\/www.larchenheim.com\/wp-content\/uploads\/bg-appartamenti-val-dultimo-prezzi-last-minute-offerte-occasioni-vacanze-estive-invernali.png.png&quot;);background-position: right bottom;background-repeat: no-repeat;padding-top:50px;padding-right:0px;padding-bottom:50px;padding-left:0px;margin-bottom: 0px;margin-top: 0px;border-width: 0px 0px 0px 0px;border-color:#eae9e9;border-style:solid;-webkit-background-size:cover;-moz-background-size:cover;-o-background-size:cover;background-size:cover;\" ><div class=\"fusion-builder-row fusion-row\"><div class=\"fusion-layout-column fusion_builder_column fusion-builder-column-0 fusion_builder_column_1_1 1_1 fusion-one-full fusion-column-first fusion-column-last fusion-column-no-min-height\" style=\"margin-top:0px;margin-bottom:0px;\"><div class=\"fusion-column-wrapper fusion-flex-column-wrapper-legacy\" style=\"background-position:left top;background-repeat:no-repeat;-webkit-background-size:cover;-moz-background-size:cover;-o-background-size:cover;background-size:cover;padding: 0px 0px 0px 0px;\"><div class=\"fusion-text fusion-text-1\"><h1 style=\"text-align: center;\">Urlaub bei uns im\u00a0 L\u00e4rchenheim in St. Gertraud<\/h1>\n<h2 style=\"text-align: center;\">Suche nach Wohnungen zur Miete f\u00fcr Ihren Sommer \/ Winterurlaub in S\u00fcdtirol ?<\/h2>\n<div class=\"fusion-aligncenter\"><style type=\"text\/css\">.fusion-button.button-1 .fusion-button-text, .fusion-button.button-1 i {color:#ffffff;}.fusion-button.button-1 .fusion-button-icon-divider{border-color:#ffffff;}.fusion-button.button-1:hover .fusion-button-text, .fusion-button.button-1:hover i,.fusion-button.button-1:focus .fusion-button-text, .fusion-button.button-1:focus i,.fusion-button.button-1:active .fusion-button-text, .fusion-button.button-1:active{color:#ffffff;}.fusion-button.button-1:hover .fusion-button-icon-divider, .fusion-button.button-1:hover .fusion-button-icon-divider, .fusion-button.button-1:active .fusion-button-icon-divider{border-color:#ffffff;}.fusion-button.button-1:hover, .fusion-button.button-1:focus, .fusion-button.button-1:active{border-color:#ffffff;border-width:1px;}.fusion-button.button-1 {border-color:#ffffff;border-width:1px;border-radius:2px;}.fusion-button.button-1{background: #A51916;}.fusion-button.button-1:hover,.button-1:focus,.fusion-button.button-1:active{background: #010101;}<\/style><a class=\"fusion-button button-flat button-xlarge button-custom button-1 fusion-button-default-span fusion-button-default-type fusion-animated\" data-animationType=\"fadeIn\" data-animationDuration=\"0.8\" data-animationOffset=\"100%\" target=\"_blank\" rel=\"noopener noreferrer\" href=\"http:\/\/www.larchenheim.com\/de\/case-vacanza\/wohnungen\"><span class=\"fusion-button-text\">Schauen Sie sich unsere Ferienwohnungen an<\/span><\/a><\/div>\n<\/div><div class=\"fusion-clearfix\"><\/div><\/div><\/div><\/div><\/div><div class=\"fusion-fullwidth fullwidth-box fusion-builder-row-2 hundred-percent-fullwidth non-hundred-percent-height-scrolling\" style=\"background-color: rgba(255,255,255,0);background-position: center center;background-repeat: no-repeat;padding-top:0px;padding-right:30px;padding-bottom:0px;padding-left:30px;margin-bottom: 0px;margin-top: 0px;border-width: 0px 0px 0px 0px;border-color:#eae9e9;border-style:solid;\" ><div class=\"fusion-builder-row fusion-row\"><div class=\"fusion-layout-column fusion_builder_column fusion-builder-column-1 fusion_builder_column_1_1 1_1 fusion-one-full fusion-column-first fusion-column-last fusion-column-no-min-height\" style=\"margin-top:0px;margin-bottom:0px;\"><div class=\"fusion-column-wrapper fusion-flex-column-wrapper-legacy\" style=\"background-position:left top;background-repeat:no-repeat;-webkit-background-size:cover;-moz-background-size:cover;-o-background-size:cover;background-size:cover;padding: 0px 0px 0px 0px;\"><div class=\"fusion-sep-clear\"><\/div><div class=\"fusion-separator fusion-has-icon fusion-full-width-sep\" style=\"margin-left: auto;margin-right: auto;width:100%;max-width:100%;\"><div class=\"fusion-separator-border sep-single sep-solid\" style=\"border-color:#e0dede;border-top-width:1px;\"><\/div><span class=\"icon-wrapper\" style=\"border-color:#e0dede;background-color:rgba(255,255,255,0);font-size:18px;width: 1.75em; height: 1.75em;border-width:1px;padding:1px;margin-top:-0.5px\"><i class=\" fa fa-angle-down\" style=\"font-size: inherit;color:#e0dede;\" aria-hidden=\"true\"><\/i><\/span><div class=\"fusion-separator-border sep-single sep-solid\" style=\"border-color:#e0dede;border-top-width:1px;\"><\/div><\/div><div class=\"fusion-sep-clear\"><\/div><div class=\"fusion-clearfix\"><\/div><\/div><\/div><\/div><style type=\"text\/css\">.fusion-fullwidth.fusion-builder-row-2 { overflow:visible; }<\/style><\/div><div class=\"fusion-fullwidth fullwidth-box fusion-builder-row-3 hundred-percent-fullwidth non-hundred-percent-height-scrolling fusion-equal-height-columns\" style=\"background-color: rgba(255,255,255,0);background-position: left top;background-repeat: no-repeat;padding-top:0px;padding-right:30px;padding-bottom:0px;padding-left:30px;margin-bottom: 0px;margin-top: 0px;border-width: 0px 0px 0px 0px;border-color:#eae9e9;border-style:solid;\" ><div class=\"fusion-builder-row fusion-row\"><div class=\"fusion-layout-column fusion_builder_column fusion-builder-column-2 fusion_builder_column_1_2 1_2 fusion-one-half fusion-column-first colh\" style=\"margin-top:0px;margin-bottom:20px;\"><div class=\"fusion-column-wrapper fusion-flex-column-wrapper-legacy\" style=\"background-position:left top;background-repeat:no-repeat;-webkit-background-size:cover;-moz-background-size:cover;-o-background-size:cover;background-size:cover;background-color:#f9f9f9;padding: 50px 50px 50px 50px;\"><div class=\"fusion-column-content-centered\"><div class=\"fusion-column-content\"><div class=\"fusion-text fusion-text-2\"><h1 style=\"text-align: center;\">FERIENWOHNUNGEN<\/h1>\n<div class=\"fusion-sep-clear\"><\/div><div class=\"fusion-separator\" style=\"margin-left: auto;margin-right: auto;margin-top:40px;margin-bottom:40px;width:100%;max-width:50%;\"><div class=\"fusion-separator-border sep-single sep-solid\" style=\"border-color:#e0dede;border-top-width:1px;\"><\/div><\/div><div class=\"fusion-sep-clear\"><\/div>\n<p style=\"text-align: center;\">komplett eingerichtete Apartments mit garantierten Komfort!<\/p>\n<\/div><\/div><\/div><div class=\"fusion-clearfix\"><\/div><\/div><\/div><div class=\"fusion-layout-column fusion_builder_column fusion-builder-column-3 fusion_builder_column_1_2 1_2 fusion-one-half fusion-column-last colh fusion-column-inner-bg-wrapper fusion-animated\" style=\"margin-top:0px;margin-bottom:20px;\" data-animationType=\"fadeInUp\" data-animationDuration=\"0.5\" data-animationOffset=\"100%\"><div class=\"fusion-column-wrapper fusion-flex-column-wrapper-legacy\" style=\"padding: 0px 0px 0px 0px;\" data-bg-url=\"http:\/\/www.larchenheim.com\/wp-content\/uploads\/appartamenti-val-dultimo-percorsi-merano-prezzi-last-minute-dolomiti-offerte-montagna-occasioni-vacanze-estive.jpg.jpg\"><div class=\"fusion-clearfix\"><\/div><\/div><span class=\"fusion-column-inner-bg hover-type-zoomout\"><a class=\"fusion-column-anchor\"><span class=\"fusion-column-inner-bg-image\" style=\"background-image: url(&#039;http:\/\/www.larchenheim.com\/wp-content\/uploads\/appartamenti-val-dultimo-percorsi-merano-prezzi-last-minute-dolomiti-offerte-montagna-occasioni-vacanze-estive.jpg.jpg&#039;);background-position:center center;background-repeat:no-repeat;-webkit-background-size:cover;-moz-background-size:cover;-o-background-size:cover;background-size:cover;\"><\/span><\/a><\/span><\/div><div class=\"fusion-layout-column fusion_builder_column fusion-builder-column-4 fusion_builder_column_1_2 1_2 fusion-one-half fusion-column-first colh\" style=\"margin-top:0px;margin-bottom:20px;\"><div class=\"fusion-column-wrapper fusion-flex-column-wrapper-legacy\" style=\"background-position:left top;background-repeat:no-repeat;-webkit-background-size:cover;-moz-background-size:cover;-o-background-size:cover;background-size:cover;background-color:#fcfcfc;padding: 50px 50px 50px 50px;\"><div class=\"fusion-column-content-centered\"><div class=\"fusion-column-content\"><div class=\"fusion-text fusion-text-3\"><h1 style=\"text-align: center;\">RELAX &amp; ERHOHLUNG<\/h1>\n<\/div><div class=\"fusion-sep-clear\"><\/div><div class=\"fusion-separator\" style=\"margin-left: auto;margin-right: auto;margin-top:5px;margin-bottom:25px;width:100%;max-width:50%;\"><div class=\"fusion-separator-border sep-single sep-solid\" style=\"border-color:#e0dede;border-top-width:1px;\"><\/div><\/div><div class=\"fusion-sep-clear\"><\/div><div class=\"fusion-text fusion-text-4\"><p style=\"text-align: center;\">Entschleunigen, aufatmen, und den Rhythmus der Natur im urigsten Tal des Meraner Landes f\u00fchlen.<\/p>\n<\/div><\/div><\/div><div class=\"fusion-clearfix\"><\/div><\/div><\/div><div class=\"fusion-layout-column fusion_builder_column fusion-builder-column-5 fusion_builder_column_1_2 1_2 fusion-one-half fusion-column-last colh fusion-column-inner-bg-wrapper\" style=\"margin-top:0px;margin-bottom:20px;\"><div class=\"fusion-column-wrapper fusion-flex-column-wrapper-legacy\" style=\"padding: 0px 0px 0px 0px;\" data-bg-url=\"http:\/\/www.larchenheim.com\/wp-content\/uploads\/appartamenti-val-dultimo-percorsi-merano-prezzi-last-minute-dolomiti-offerte-montagna-occasioni-vacanze-estive-larchenheim-2.jpg\"><div class=\"fusion-clearfix\"><\/div><\/div><span class=\"fusion-column-inner-bg hover-type-zoomin\"><a class=\"fusion-column-anchor\"><span class=\"fusion-column-inner-bg-image\" style=\"background-image: url(&#039;http:\/\/www.larchenheim.com\/wp-content\/uploads\/appartamenti-val-dultimo-percorsi-merano-prezzi-last-minute-dolomiti-offerte-montagna-occasioni-vacanze-estive-larchenheim-2.jpg&#039;);background-position:right center;background-repeat:no-repeat;-webkit-background-size:cover;-moz-background-size:cover;-o-background-size:cover;background-size:cover;\"><\/span><\/a><\/span><\/div><div class=\"fusion-layout-column fusion_builder_column fusion-builder-column-6 fusion_builder_column_1_2 1_2 fusion-one-half fusion-column-first colh\" style=\"margin-top:0px;margin-bottom:20px;\"><div class=\"fusion-column-wrapper fusion-flex-column-wrapper-legacy\" style=\"background-position:left top;background-repeat:no-repeat;-webkit-background-size:cover;-moz-background-size:cover;-o-background-size:cover;background-size:cover;background-color:#f9f9f9;padding: 50px 50px 50px 50px;\"><div class=\"fusion-column-content-centered\"><div class=\"fusion-column-content\"><div class=\"fusion-text fusion-text-5\"><h1 style=\"text-align: center;\">PREISE<\/h1>\n<\/div><\/div><\/div><div class=\"fusion-clearfix\"><\/div><\/div><\/div><div class=\"fusion-layout-column fusion_builder_column fusion-builder-column-7 fusion_builder_column_1_2 1_2 fusion-one-half fusion-column-last colh fusion-column-inner-bg-wrapper\" style=\"margin-top:0px;margin-bottom:20px;\"><div class=\"fusion-column-wrapper fusion-flex-column-wrapper-legacy\" style=\"padding: 0px 0px 0px 0px;\" data-bg-url=\"http:\/\/www.larchenheim.com\/wp-content\/uploads\/appartamenti-val-dultimo-percorsi-merano-prezzi-last-minute-dolomiti-offerte-montagna-occasioni-vacanze-estive-larchenheim.jpg\"><div class=\"fusion-clearfix\"><\/div><\/div><span class=\"fusion-column-inner-bg hover-type-zoomout\"><a class=\"fusion-column-anchor\"><span class=\"fusion-column-inner-bg-image\" style=\"background-image: url(&#039;http:\/\/www.larchenheim.com\/wp-content\/uploads\/appartamenti-val-dultimo-percorsi-merano-prezzi-last-minute-dolomiti-offerte-montagna-occasioni-vacanze-estive-larchenheim.jpg&#039;);background-position:center center;background-repeat:no-repeat;-webkit-background-size:cover;-moz-background-size:cover;-o-background-size:cover;background-size:cover;\"><\/span><\/a><\/span><\/div><\/div><\/div><div class=\"fusion-fullwidth fullwidth-box fusion-builder-row-4 nonhundred-percent-fullwidth non-hundred-percent-height-scrolling\" style=\"background-color: rgba(255,255,255,0);background-position: left top;background-repeat: no-repeat;padding-top:20px;padding-right:0px;padding-bottom:20px;padding-left:0px;margin-bottom: 0px;margin-top: 0px;border-width: 0px 0px 0px 0px;border-color:#eae9e9;border-style:solid;\" ><div class=\"fusion-builder-row fusion-row\"><div class=\"fusion-layout-column fusion_builder_column fusion-builder-column-8 fusion_builder_column_1_1 1_1 fusion-one-full fusion-column-first fusion-column-last fusion-column-no-min-height\" style=\"margin-top:0px;margin-bottom:0px;\"><div class=\"fusion-column-wrapper fusion-flex-column-wrapper-legacy\" style=\"background-position:left top;background-repeat:no-repeat;-webkit-background-size:cover;-moz-background-size:cover;-o-background-size:cover;background-size:cover;padding: 0px 0px 0px 0px;\"><div class=\"fusion-blog-shortcode fusion-blog-shortcode-1 fusion-blog-archive fusion-blog-layout-large fusion-blog-no fusion-blog-no-images\"><div class=\"fusion-posts-container fusion-posts-container-no fusion-no-meta-info\" data-pages=\"1\"><article id=\"blog-1-post-943\" class=\"fusion-post-large post-943 post type-post status-publish format-standard hentry category-tabelle-preise category-unkategorisiert\">\n<div class=\"fusion-post-content post-content\"><div class=\"fusion-post-content-container\"><div class=\"fusion-fullwidth fullwidth-box fusion-builder-row-4-1 hundred-percent-fullwidth non-hundred-percent-height-scrolling\" style=\"background-color: rgba(255,255,255,0);background-position: center center;background-repeat: no-repeat;padding-top:0px;padding-right:0px;padding-bottom:0px;padding-left:0px;margin-bottom: 0px;margin-top: 0px;border-width: 0px 0px 0px 0px;border-color:#eae9e9;border-style:solid;\" ><div class=\"fusion-builder-row fusion-row\"><div class=\"fusion-layout-column fusion_builder_column fusion-builder-column-9 fusion_builder_column_1_1 1_1 fusion-one-full fusion-column-first fusion-column-last fusion-column-no-min-height\" style=\"margin-top:0px;margin-bottom:0px;\"><div class=\"fusion-column-wrapper fusion-flex-column-wrapper-legacy\" style=\"background-position:left top;background-repeat:no-repeat;-webkit-background-size:cover;-moz-background-size:cover;-o-background-size:cover;background-size:cover;padding: 0px 0px 0px 0px;\"><div class=\"fusion-text fusion-text-6\"><h1 style=\"text-align: center;\" data-lineheight=\"35\" data-fontsize=\"25\">Wohnungen Preise f\u00fcr 2 Pers. \/ Nacht<\/h1>\n<\/div><div class=\"fusion-clearfix\"><\/div><\/div><\/div><div class=\"fusion-layout-column fusion_builder_column fusion-builder-column-10 fusion_builder_column_1_1 1_1 fusion-one-full fusion-column-first fusion-column-last fusion-column-no-min-height\" style=\"margin-top:0px;margin-bottom:0px;\"><div class=\"fusion-column-wrapper fusion-flex-column-wrapper-legacy\" style=\"background-position:left top;background-repeat:no-repeat;-webkit-background-size:cover;-moz-background-size:cover;-o-background-size:cover;background-size:cover;padding: 0px 0px 0px 0px;\"><style type='text\/css'>\n\t\t\t\t.pricing-table-1 .panel-container, .pricing-table-1 .standout .panel-container,\n\t\t\t\t.pricing-table-1.full-boxed-pricing {background-color:#f8f8f8;}\n\t\t\t\t.pricing-table-1 .list-group .list-group-item,\n\t\t\t\t.pricing-table-1 .list-group .list-group-item:last-child{background-color:#ffffff; border-color:#ededed;}\n\t\t\t\t.pricing-table-1.full-boxed-pricing .panel-wrapper:hover .panel-heading,\n\t\t\t\t.pricing-table-1 .panel-wrapper:hover .list-group-item {background-color:#f8f8f8;}\n\t\t\t\t.pricing-table-1.full-boxed-pricing .panel-heading{background-color:#ffffff;}\n\t\t\t\t.pricing-table-1 .fusion-panel, .pricing-table-1 .panel-wrapper:last-child .fusion-panel,\n\t\t\t\t.pricing-table-1 .standout .fusion-panel, .pricing-table-1  .panel-heading,\n\t\t\t\t.pricing-table-1 .panel-body, .pricing-table-1 .panel-footer{border-color:#ededed;}\n\t\t\t\t.pricing-table-1 .panel-body,.pricing-table-1 .panel-footer{background-color:#f8f8f8;}\n\t\t\t\t.pricing-table-1.sep-boxed-pricing .panel-heading h3{color:#333333;}\n\t\t\t\t.pricing-table-1.full-boxed-pricing.fusion-pricing-table .panel-heading h3{color:#333333;}\n\t\t\t\t.pricing-table-1.fusion-pricing-table .panel-body .price .decimal-part{color:#a51916;}\n\t\t\t\t.pricing-table-1.fusion-pricing-table .panel-body .price .integer-part{color:#a51916;}\n\t\t\t\t.pricing-table-1 ul.list-group li{color:#565656;}\n\t\t\t\t<\/style><div class=\"fusion-pricing-table pricing-table-1 full-boxed-pricing row fusion-columns-3 columns-3 fusion-clearfix tabella-prezzi\"><div class=\"panel-wrapper fusion-column column col-lg-4 col-md-4 col-sm-4 fusion-pricingtable-column\"><div class=\"panel-container\"><div class=\"fusion-panel\"><div class=\"panel-heading\"><h3 class=\"title-row\">Los di gian 2+2<\/h3><\/div><div class=\"panel-body pricing-row\"><div class=\"price \"><span class=\"currency\">\u20ac<\/span><span class=\"integer-part\">138<\/span><\/div><\/div><\/ul><div class=\"panel-footer footer-row\">+ \u20ac 5,00 Infrarotkabine<\/div><\/div><\/div><\/div><div class=\"panel-wrapper fusion-column column col-lg-4 col-md-4 col-sm-4 standout fusion-pricingtable-column\"><div class=\"panel-container\"><div class=\"fusion-panel\"><div class=\"panel-heading\"><h3 class=\"title-row\">Ban ins drhuam 2+2<\/h3><\/div><div class=\"panel-body pricing-row\"><div class=\"price \"><span class=\"currency\">\u20ac<\/span><span class=\"integer-part\">138<\/span><\/div><\/div><\/div><\/div><\/div><div class=\"panel-wrapper fusion-column column col-lg-4 col-md-4 col-sm-4 fusion-pricingtable-column\"><div class=\"panel-container\"><div class=\"fusion-panel\"><div class=\"panel-heading\"><h3 class=\"title-row\">I bleib do 2+2<\/h3><\/div><div class=\"panel-body pricing-row\"><div class=\"price \"><span class=\"currency\">\u20ac<\/span><span class=\"integer-part\">138<\/span><\/div><\/div><\/div><\/div><\/div><\/div><div class=\"fusion-text fusion-text-7\"><ul>\n<li>Weitere Person ab 5 Jahre + \u20ac 34\/Pers.Tag<\/li>\n<li>Ortstaxe: \u20ac 3,10 pro Person und Tag ab 14 Jahren.<\/li>\n<\/ul>\n<\/div><div class=\"fusion-clearfix\"><\/div><\/div><\/div><\/div><style type=\"text\/css\">.fusion-fullwidth.fusion-builder-row-4-1 { overflow:visible; }<\/style><\/div>\n<\/div><\/div><div class=\"fusion-clearfix\"><\/div><\/article>\n<\/div><\/div><div class=\"fusion-clearfix\"><\/div><\/div><\/div><div class=\"fusion-layout-column fusion_builder_column fusion-builder-column-11 fusion_builder_column_1_1 1_1 fusion-one-full fusion-column-first fusion-column-last\" style=\"margin-top:0px;margin-bottom:20px;\"><div class=\"fusion-column-wrapper fusion-flex-column-wrapper-legacy\" style=\"background-position:left top;background-repeat:no-repeat;-webkit-background-size:cover;-moz-background-size:cover;-o-background-size:cover;background-size:cover;background-color:#f9f9f9;padding: 50px 50px 50px 50px;\"><div class=\"fusion-text fusion-text-8\"><h1 data-fontsize=\"25\" data-lineheight=\"35\"><strong>Freie Fahrt mit der UltentalCard! <\/strong><\/h1>\n<p><img decoding=\"async\" class=\"size-full wp-image-1378 alignright\" src=\"https:\/\/www.larchenheim.com\/wp-content\/uploads\/suedtirol-pass-alto-adige-val-dultimo-prezzi-online-offerte-last-minute-bolzano-merano-bressanone-bz-dolomiti-montagna-vacanze-larchenheim.jpg\" alt=\"\" width=\"532\" height=\"336\" srcset=\"https:\/\/www.larchenheim.com\/wp-content\/uploads\/suedtirol-pass-alto-adige-val-dultimo-prezzi-online-offerte-last-minute-bolzano-merano-bressanone-bz-dolomiti-montagna-vacanze-larchenheim-75x47.jpg 75w, https:\/\/www.larchenheim.com\/wp-content\/uploads\/suedtirol-pass-alto-adige-val-dultimo-prezzi-online-offerte-last-minute-bolzano-merano-bressanone-bz-dolomiti-montagna-vacanze-larchenheim-125x79.jpg 125w, https:\/\/www.larchenheim.com\/wp-content\/uploads\/suedtirol-pass-alto-adige-val-dultimo-prezzi-online-offerte-last-minute-bolzano-merano-bressanone-bz-dolomiti-montagna-vacanze-larchenheim-200x126.jpg 200w, https:\/\/www.larchenheim.com\/wp-content\/uploads\/suedtirol-pass-alto-adige-val-dultimo-prezzi-online-offerte-last-minute-bolzano-merano-bressanone-bz-dolomiti-montagna-vacanze-larchenheim-300x189.jpg 300w, https:\/\/www.larchenheim.com\/wp-content\/uploads\/suedtirol-pass-alto-adige-val-dultimo-prezzi-online-offerte-last-minute-bolzano-merano-bressanone-bz-dolomiti-montagna-vacanze-larchenheim-320x202.jpg 320w, https:\/\/www.larchenheim.com\/wp-content\/uploads\/suedtirol-pass-alto-adige-val-dultimo-prezzi-online-offerte-last-minute-bolzano-merano-bressanone-bz-dolomiti-montagna-vacanze-larchenheim-400x253.jpg 400w, https:\/\/www.larchenheim.com\/wp-content\/uploads\/suedtirol-pass-alto-adige-val-dultimo-prezzi-online-offerte-last-minute-bolzano-merano-bressanone-bz-dolomiti-montagna-vacanze-larchenheim.jpg 532w\" sizes=\"(max-width: 532px) 100vw, 532px\" \/>Mit nur einem Ticket Natur, Sport und Kultur genie\u00dfen \u2013 die UltentalCard ist der Schl\u00fcssel zu faszinierenden Erlebnissen im Ultental und in ganz S\u00fcdtirol.<\/p>\n<p>Die Inhaber der UltentalCard erhalten 1 Berg- und Talfahrt pro Tag mit der Kabinenbahn Schwemmalm und k\u00f6nnen den Wanderbus Weissbrunn unentgeltlich nutzen. Zudem inkludiert die UltentalCard freien.<\/p>\n<p>F\u00fcr Sportbegeisterte ist die UltentalCard die Eintrittskarte in das \u00f6ffentliche Schwimmbad Ulten, f\u00fcr den Eislaufplatz Kuppelwies, f\u00fcr die Langlaufloipe Ulten und vieles andere mehr.<\/p>\n<p>Au\u00dferdem: freie Fahrt in ganz S\u00fcdtirol! Mit der UltentalCard nutzen Sie kostenlos alle \u00f6ffentlichen Verkehrsmittel des Landes.<\/p>\n<p>Die UltentalCard wird dem Gast am Anreisetag ausgeh\u00e4ndigt, ist im Zimmerpreis inkludiert und f\u00fcr die gesamte Aufenthaltsdauer g\u00fcltig.<\/p>\n<p><strong>Eine Karte \u2013 Viele Leistungen*: die UltentalCard<\/strong><strong> im \u00dcberblick<\/strong><\/p>\n<ul>\n<li>1 Berg- und Talfahrt pro Tag mit der Kabinenbahn Schwemmalm<\/li>\n<li>Freie Nutzung des \u00f6ffentlichen Nahverkehrs in ganz S\u00fcdtirol<\/li>\n<li>Wanderbus Weissbrunn<\/li>\n<li>Freier Eintritt in die Ultner Museen<em> Culten<\/em>, <em>Talmuseum <\/em>und <em>Lahner S\u00e4ge<\/em><\/li>\n<li>Freie Benutzung der Langlaufloipe Ulten<\/li>\n<li>Freier Eintritt f\u00fcr den Eislaufplatz Kuppelwies<\/li>\n<li>Freier Eintritt in das \u00f6ffentliche Schwimmbad Ulten<\/li>\n<\/ul>\n<p>* Die inkludierten Erlebnisse k\u00f6nnen saisonal abweichen!<\/p>\n<\/div><div class=\"fusion-clearfix\"><\/div><\/div><\/div><\/div><\/div><\/p>\n","protected":false},"excerpt":{"rendered":"","protected":false},"author":1,"featured_media":0,"parent":0,"menu_order":0,"comment_status":"closed","ping_status":"closed","template":"100-width.php","meta":{"footnotes":""},"_links":{"self":[{"href":"https:\/\/www.larchenheim.com\/de\/wp-json\/wp\/v2\/pages\/781"}],"collection":[{"href":"https:\/\/www.larchenheim.com\/de\/wp-json\/wp\/v2\/pages"}],"about":[{"href":"https:\/\/www.larchenheim.com\/de\/wp-json\/wp\/v2\/types\/page"}],"author":[{"embeddable":true,"href":"https:\/\/www.larchenheim.com\/de\/wp-json\/wp\/v2\/users\/1"}],"replies":[{"embeddable":true,"href":"https:\/\/www.larchenheim.com\/de\/wp-json\/wp\/v2\/comments?post=781"}],"version-history":[{"count":8,"href":"https:\/\/www.larchenheim.com\/de\/wp-json\/wp\/v2\/pages\/781\/revisions"}],"predecessor-version":[{"id":1581,"href":"https:\/\/www.larchenheim.com\/de\/wp-json\/wp\/v2\/pages\/781\/revisions\/1581"}],"wp:attachment":[{"href":"https:\/\/www.larchenheim.com\/de\/wp-json\/wp\/v2\/media?parent=781"}],"curies":[{"name":"wp","href":"https:\/\/api.w.org\/{rel}","templated":true}]}}