{"id":1282,"date":"2018-05-27T18:54:19","date_gmt":"2018-05-27T16:54:19","guid":{"rendered":"http:\/\/www.larchenheim.com\/vacanze-invernali"},"modified":"2018-05-27T18:59:34","modified_gmt":"2018-05-27T16:59:34","slug":"winterurlaub","status":"publish","type":"page","link":"https:\/\/www.larchenheim.com\/de\/winterurlaub","title":{"rendered":"Winterurlaub"},"content":{"rendered":"<div class=\"fusion-fullwidth fullwidth-box fusion-builder-row-1 nonhundred-percent-fullwidth non-hundred-percent-height-scrolling\" style=\"background-color: rgba(255,255,255,0);background-position: center center;background-repeat: no-repeat;padding-top:0px;padding-right:0px;padding-bottom:0px;padding-left:0px;margin-bottom: 0px;margin-top: 0px;border-width: 0px 0px 0px 0px;border-color:#eae9e9;border-style:solid;\" ><div class=\"fusion-builder-row fusion-row\"><div class=\"fusion-layout-column fusion_builder_column fusion-builder-column-0 fusion_builder_column_1_1 1_1 fusion-one-full fusion-column-first fusion-column-last\" style=\"margin-top:0px;margin-bottom:20px;\"><div class=\"fusion-column-wrapper fusion-flex-column-wrapper-legacy\" style=\"background-position:left top;background-repeat:no-repeat;-webkit-background-size:cover;-moz-background-size:cover;-o-background-size:cover;background-size:cover;padding: 0px 0px 0px 0px;\"><div class=\"fusion-blog-shortcode fusion-blog-shortcode-1 fusion-blog-archive fusion-blog-layout-grid-wrapper fusion-blog-infinite\"><style type=\"text\/css\">.fusion-blog-shortcode-1 .fusion-blog-layout-grid .fusion-post-grid{padding:20px;}.fusion-blog-shortcode-1 .fusion-posts-container{margin-left: -20px !important; margin-right:-20px !important;}<\/style><div class=\"fusion-posts-container fusion-posts-container-infinite fusion-blog-layout-grid fusion-blog-layout-grid-2 isotope fusion-blog-equal-heights\" data-pages=\"1\" data-grid-col-space=\"40\" style=\"margin: -20px -20px 0;min-height:500px;\"><article id=\"blog-1-post-817\" class=\"fusion-post-grid post-817 post type-post status-publish format-standard has-post-thumbnail hentry category-winterurlaub\">\n<div class=\"fusion-post-wrapper\" style=\"background-color:rgba(255,255,255,0);border:1px solid #ebeaea;border-bottom-width:3px;\">\n\n\t\t\t<div class=\"fusion-flexslider flexslider fusion-flexslider-loading fusion-post-slideshow\" style=\"border-color:#ebeaea;\">\n\t\t<ul class=\"slides\">\n\t\t\t\n\t\t\t\t\t\t\t\t\t\t\t\t\t\t<li>\n\n<div  class=\"fusion-image-wrapper\" aria-haspopup=\"true\">\n\t\n\t\n\t\t\t\n\t\t\t\t<a href=\"https:\/\/www.larchenheim.com\/de\/rodelfahren\" aria-label=\"Rodelfahren\">\n\t\t\n\t\t\n\t\t\t\t\t<img decoding=\"async\" width=\"1000\" height=\"446\" src=\"https:\/\/www.larchenheim.com\/wp-content\/uploads\/piste-slittino-alto-adige-prezzi-last-minute-bolzano-merano-vacanze-offerte-bressanone-bz-dolomiti-occasioni-montagna.jpg\" class=\"attachment-full size-full wp-post-image\" alt=\"\" srcset=\"https:\/\/www.larchenheim.com\/wp-content\/uploads\/piste-slittino-alto-adige-prezzi-last-minute-bolzano-merano-vacanze-offerte-bressanone-bz-dolomiti-occasioni-montagna-200x89.jpg 200w, https:\/\/www.larchenheim.com\/wp-content\/uploads\/piste-slittino-alto-adige-prezzi-last-minute-bolzano-merano-vacanze-offerte-bressanone-bz-dolomiti-occasioni-montagna-400x178.jpg 400w, https:\/\/www.larchenheim.com\/wp-content\/uploads\/piste-slittino-alto-adige-prezzi-last-minute-bolzano-merano-vacanze-offerte-bressanone-bz-dolomiti-occasioni-montagna-600x268.jpg 600w, https:\/\/www.larchenheim.com\/wp-content\/uploads\/piste-slittino-alto-adige-prezzi-last-minute-bolzano-merano-vacanze-offerte-bressanone-bz-dolomiti-occasioni-montagna-800x357.jpg 800w, https:\/\/www.larchenheim.com\/wp-content\/uploads\/piste-slittino-alto-adige-prezzi-last-minute-bolzano-merano-vacanze-offerte-bressanone-bz-dolomiti-occasioni-montagna.jpg 1000w\" sizes=\"(min-width: 2200px) 100vw, (min-width: 712px) 530px, (min-width: 640px) 712px, \" \/>\n\t\n\n\n\t\t\t\t<\/a>\n\t\t\n\t\n<\/div>\n<\/li>\n\t\t\t\n\t\t\t\n\t\t\t\t\t\t\t\t\t\t\t\t\t\t\t\t\t\t\t\t\t\t\t\t\t\t\t\t\t\t\t\t\t\t\t\t\t\t\t\t\t\t\t\t\t\t\t\t\t\t\t\t\t\t\t\t\t\t\t\t\t\t\t\t\t\t\t\t<\/ul>\n\t<\/div>\n\t<div class=\"fusion-post-content-wrapper\" style=\"padding:30px 25px 20px 25px;\"><div class=\"fusion-post-content post-content\"><h2 class=\"blog-shortcode-post-title entry-title\"><a href=\"https:\/\/www.larchenheim.com\/de\/rodelfahren\">Rodelfahren<\/a><\/h2><p class=\"fusion-single-line-meta\"><span class=\"vcard\" style=\"display: none;\"><span class=\"fn\"><a href=\"https:\/\/www.larchenheim.com\/de\/author\/advstudio-it\" title=\"Beitr\u00e4ge von ADVstudio.it\" rel=\"author\">ADVstudio.it<\/a><\/span><\/span><span class=\"updated\" style=\"display:none;\">2024-02-22T18:51:00+01:00<\/span><a href=\"https:\/\/www.larchenheim.com\/de\/case-vacanza\/winterurlaub\" rel=\"category tag\">Winterurlaub<\/a><span class=\"fusion-inline-sep\">|<\/span><\/p><div class=\"fusion-content-sep sep-double sep-solid\" style=\"border-color:#ebeaea;\"><\/div><div class=\"fusion-post-content-container\"><p>     Rodelfahren in S\u00fcdtirol Rodeln oder Bobfahren, dazu eignen sich unsere Wiesen. F\u00fcr die, die mehr m\u00f6chten, gibt es eine beleuchtete Rodelbahn, ca 5km entfernt.   Wint <a href=\"https:\/\/www.larchenheim.com\/de\/rodelfahren\">[...]<\/a><\/p><\/div><\/div><div class=\"fusion-meta-info\"><div class=\"fusion-alignleft\"><a class=\"fusion-read-more\" href=\"https:\/\/www.larchenheim.com\/de\/rodelfahren\" aria-label=\"More on Rodelfahren\">Read More<\/a><\/div><\/div><\/div><div class=\"fusion-clearfix\"><\/div><\/div>\n<\/article>\n<article id=\"blog-1-post-814\" class=\"fusion-post-grid post-814 post type-post status-publish format-standard has-post-thumbnail hentry category-winterurlaub\">\n<div class=\"fusion-post-wrapper\" style=\"background-color:rgba(255,255,255,0);border:1px solid #ebeaea;border-bottom-width:3px;\">\n\n\t\t\t<div class=\"fusion-flexslider flexslider fusion-flexslider-loading fusion-post-slideshow\" style=\"border-color:#ebeaea;\">\n\t\t<ul class=\"slides\">\n\t\t\t\n\t\t\t\t\t\t\t\t\t\t\t\t\t\t<li>\n\n<div  class=\"fusion-image-wrapper\" aria-haspopup=\"true\">\n\t\n\t\n\t\t\t\n\t\t\t\t<a href=\"https:\/\/www.larchenheim.com\/de\/eislaufen\" aria-label=\"Eislaufen\">\n\t\t\n\t\t\n\t\t\t\t\t<img decoding=\"async\" width=\"1400\" height=\"800\" src=\"https:\/\/www.larchenheim.com\/wp-content\/uploads\/pattinaggio-sul-ghiaccio-alto-adige-pattinare-val-dultimo-lana-sport-invernali-bolzano-prezzi-last-minute-merano-offerte-bressanone-vacanze-bz-occasioni-dolomiti-montagna.jpg\" class=\"attachment-full size-full wp-post-image\" alt=\"\" srcset=\"https:\/\/www.larchenheim.com\/wp-content\/uploads\/pattinaggio-sul-ghiaccio-alto-adige-pattinare-val-dultimo-lana-sport-invernali-bolzano-prezzi-last-minute-merano-offerte-bressanone-vacanze-bz-occasioni-dolomiti-montagna-200x114.jpg 200w, https:\/\/www.larchenheim.com\/wp-content\/uploads\/pattinaggio-sul-ghiaccio-alto-adige-pattinare-val-dultimo-lana-sport-invernali-bolzano-prezzi-last-minute-merano-offerte-bressanone-vacanze-bz-occasioni-dolomiti-montagna-400x229.jpg 400w, https:\/\/www.larchenheim.com\/wp-content\/uploads\/pattinaggio-sul-ghiaccio-alto-adige-pattinare-val-dultimo-lana-sport-invernali-bolzano-prezzi-last-minute-merano-offerte-bressanone-vacanze-bz-occasioni-dolomiti-montagna-600x343.jpg 600w, https:\/\/www.larchenheim.com\/wp-content\/uploads\/pattinaggio-sul-ghiaccio-alto-adige-pattinare-val-dultimo-lana-sport-invernali-bolzano-prezzi-last-minute-merano-offerte-bressanone-vacanze-bz-occasioni-dolomiti-montagna-800x457.jpg 800w, https:\/\/www.larchenheim.com\/wp-content\/uploads\/pattinaggio-sul-ghiaccio-alto-adige-pattinare-val-dultimo-lana-sport-invernali-bolzano-prezzi-last-minute-merano-offerte-bressanone-vacanze-bz-occasioni-dolomiti-montagna-1200x686.jpg 1200w, https:\/\/www.larchenheim.com\/wp-content\/uploads\/pattinaggio-sul-ghiaccio-alto-adige-pattinare-val-dultimo-lana-sport-invernali-bolzano-prezzi-last-minute-merano-offerte-bressanone-vacanze-bz-occasioni-dolomiti-montagna.jpg 1400w\" sizes=\"(min-width: 2200px) 100vw, (min-width: 712px) 530px, (min-width: 640px) 712px, \" \/>\n\t\n\n\n\t\t\t\t<\/a>\n\t\t\n\t\n<\/div>\n<\/li>\n\t\t\t\n\t\t\t\n\t\t\t\t\t\t\t\t\t\t\t\t\t\t\t\t\t\t\t\t\t\t\t\t\t\t\t\t\t\t\t\t\t\t\t\t\t\t\t\t\t\t\t\t\t\t\t\t\t\t\t\t\t\t\t\t\t\t\t\t\t\t\t\t\t\t\t\t<\/ul>\n\t<\/div>\n\t<div class=\"fusion-post-content-wrapper\" style=\"padding:30px 25px 20px 25px;\"><div class=\"fusion-post-content post-content\"><h2 class=\"blog-shortcode-post-title entry-title\"><a href=\"https:\/\/www.larchenheim.com\/de\/eislaufen\">Eislaufen<\/a><\/h2><p class=\"fusion-single-line-meta\"><span class=\"vcard\" style=\"display: none;\"><span class=\"fn\"><a href=\"https:\/\/www.larchenheim.com\/de\/author\/advstudio-it\" title=\"Beitr\u00e4ge von ADVstudio.it\" rel=\"author\">ADVstudio.it<\/a><\/span><\/span><span class=\"updated\" style=\"display:none;\">2024-02-22T18:50:45+01:00<\/span><a href=\"https:\/\/www.larchenheim.com\/de\/case-vacanza\/winterurlaub\" rel=\"category tag\">Winterurlaub<\/a><span class=\"fusion-inline-sep\">|<\/span><\/p><div class=\"fusion-content-sep sep-double sep-solid\" style=\"border-color:#ebeaea;\"><\/div><div class=\"fusion-post-content-container\"><p>     Eislaufen in S\u00fcdtirol In Kuppelwies, ca 8km vom L\u00e4rchenheim entfernt befindet sich eine neue Eislaufstruktur. Ausleihservice der Schlittschuhe f\u00fcr Kinder und Erwachs <a href=\"https:\/\/www.larchenheim.com\/de\/eislaufen\">[...]<\/a><\/p><\/div><\/div><div class=\"fusion-meta-info\"><div class=\"fusion-alignleft\"><a class=\"fusion-read-more\" href=\"https:\/\/www.larchenheim.com\/de\/eislaufen\" aria-label=\"More on Eislaufen\">Read More<\/a><\/div><\/div><\/div><div class=\"fusion-clearfix\"><\/div><\/div>\n<\/article>\n<article id=\"blog-1-post-811\" class=\"fusion-post-grid post-811 post type-post status-publish format-standard has-post-thumbnail hentry category-winterurlaub\">\n<div class=\"fusion-post-wrapper\" style=\"background-color:rgba(255,255,255,0);border:1px solid #ebeaea;border-bottom-width:3px;\">\n\n\t\t\t<div class=\"fusion-flexslider flexslider fusion-flexslider-loading fusion-post-slideshow\" style=\"border-color:#ebeaea;\">\n\t\t<ul class=\"slides\">\n\t\t\t\n\t\t\t\t\t\t\t\t\t\t\t\t\t\t<li>\n\n<div  class=\"fusion-image-wrapper\" aria-haspopup=\"true\">\n\t\n\t\n\t\t\t\n\t\t\t\t<a href=\"https:\/\/www.larchenheim.com\/de\/schneeschuhwandern\" aria-label=\"Schneeschuhwandern\">\n\t\t\n\t\t\n\t\t\t\t\t<img decoding=\"async\" width=\"1000\" height=\"446\" src=\"https:\/\/www.larchenheim.com\/wp-content\/uploads\/ciaspolada-val-dultimo-lana-prezzi-sport-invernali-occasioni-last-minute-alto-adige-bolzano-offerte-merano-bressanone-bz-dolomiti-montagna-vacanze.jpg\" class=\"attachment-full size-full wp-post-image\" alt=\"\" srcset=\"https:\/\/www.larchenheim.com\/wp-content\/uploads\/ciaspolada-val-dultimo-lana-prezzi-sport-invernali-occasioni-last-minute-alto-adige-bolzano-offerte-merano-bressanone-bz-dolomiti-montagna-vacanze-200x89.jpg 200w, https:\/\/www.larchenheim.com\/wp-content\/uploads\/ciaspolada-val-dultimo-lana-prezzi-sport-invernali-occasioni-last-minute-alto-adige-bolzano-offerte-merano-bressanone-bz-dolomiti-montagna-vacanze-400x178.jpg 400w, https:\/\/www.larchenheim.com\/wp-content\/uploads\/ciaspolada-val-dultimo-lana-prezzi-sport-invernali-occasioni-last-minute-alto-adige-bolzano-offerte-merano-bressanone-bz-dolomiti-montagna-vacanze-600x268.jpg 600w, https:\/\/www.larchenheim.com\/wp-content\/uploads\/ciaspolada-val-dultimo-lana-prezzi-sport-invernali-occasioni-last-minute-alto-adige-bolzano-offerte-merano-bressanone-bz-dolomiti-montagna-vacanze-800x357.jpg 800w, https:\/\/www.larchenheim.com\/wp-content\/uploads\/ciaspolada-val-dultimo-lana-prezzi-sport-invernali-occasioni-last-minute-alto-adige-bolzano-offerte-merano-bressanone-bz-dolomiti-montagna-vacanze.jpg 1000w\" sizes=\"(min-width: 2200px) 100vw, (min-width: 712px) 530px, (min-width: 640px) 712px, \" \/>\n\t\n\n\n\t\t\t\t<\/a>\n\t\t\n\t\n<\/div>\n<\/li>\n\t\t\t\n\t\t\t\n\t\t\t\t\t\t\t\t\t\t\t\t\t\t\t\t\t\t\t\t\t\t\t\t\t\t\t\t\t\t\t\t\t\t\t\t\t\t\t\t\t\t\t\t\t\t\t\t\t\t\t\t\t\t\t\t\t\t\t\t\t\t\t\t\t\t\t\t<\/ul>\n\t<\/div>\n\t<div class=\"fusion-post-content-wrapper\" style=\"padding:30px 25px 20px 25px;\"><div class=\"fusion-post-content post-content\"><h2 class=\"blog-shortcode-post-title entry-title\"><a href=\"https:\/\/www.larchenheim.com\/de\/schneeschuhwandern\">Schneeschuhwandern<\/a><\/h2><p class=\"fusion-single-line-meta\"><span class=\"vcard\" style=\"display: none;\"><span class=\"fn\"><a href=\"https:\/\/www.larchenheim.com\/de\/author\/advstudio-it\" title=\"Beitr\u00e4ge von ADVstudio.it\" rel=\"author\">ADVstudio.it<\/a><\/span><\/span><span class=\"updated\" style=\"display:none;\">2024-02-22T18:50:27+01:00<\/span><a href=\"https:\/\/www.larchenheim.com\/de\/case-vacanza\/winterurlaub\" rel=\"category tag\">Winterurlaub<\/a><span class=\"fusion-inline-sep\">|<\/span><\/p><div class=\"fusion-content-sep sep-double sep-solid\" style=\"border-color:#ebeaea;\"><\/div><div class=\"fusion-post-content-container\"><p>     Schneeschuhwandern Direkt von unseren L\u00e4rchenheim, mit den Schneeschuhen Almen, durch W\u00e4lder und Wiesen stampfend erreichen, ist eine Erf\u00fcllung die in Erinnerung ble <a href=\"https:\/\/www.larchenheim.com\/de\/schneeschuhwandern\">[...]<\/a><\/p><\/div><\/div><div class=\"fusion-meta-info\"><div class=\"fusion-alignleft\"><a class=\"fusion-read-more\" href=\"https:\/\/www.larchenheim.com\/de\/schneeschuhwandern\" aria-label=\"More on Schneeschuhwandern\">Read More<\/a><\/div><\/div><\/div><div class=\"fusion-clearfix\"><\/div><\/div>\n<\/article>\n<article id=\"blog-1-post-809\" class=\"fusion-post-grid post-809 post type-post status-publish format-standard has-post-thumbnail hentry category-winterurlaub\">\n<div class=\"fusion-post-wrapper\" style=\"background-color:rgba(255,255,255,0);border:1px solid #ebeaea;border-bottom-width:3px;\">\n\n\t\t\t<div class=\"fusion-flexslider flexslider fusion-flexslider-loading fusion-post-slideshow\" style=\"border-color:#ebeaea;\">\n\t\t<ul class=\"slides\">\n\t\t\t\n\t\t\t\t\t\t\t\t\t\t\t\t\t\t<li>\n\n<div  class=\"fusion-image-wrapper\" aria-haspopup=\"true\">\n\t\n\t\n\t\t\t\n\t\t\t\t<a href=\"https:\/\/www.larchenheim.com\/de\/skitouren-ultental-lana-meran-suedtirol-urlaub-dolomiten-wintersport\" aria-label=\"Skitouren\">\n\t\t\n\t\t\n\t\t\t\t\t<img decoding=\"async\" width=\"1000\" height=\"446\" src=\"https:\/\/www.larchenheim.com\/wp-content\/uploads\/sci-alpinismo-val-dultimo-prezzi-sciare-offerte-last-minute-localita-sciistiche-sport-invernali-alto-adige-bolzano-occasioni-merano-bressanone-bz-dolomiti-vacanze-montagna.jpg\" class=\"attachment-full size-full wp-post-image\" alt=\"\" srcset=\"https:\/\/www.larchenheim.com\/wp-content\/uploads\/sci-alpinismo-val-dultimo-prezzi-sciare-offerte-last-minute-localita-sciistiche-sport-invernali-alto-adige-bolzano-occasioni-merano-bressanone-bz-dolomiti-vacanze-montagna-200x89.jpg 200w, https:\/\/www.larchenheim.com\/wp-content\/uploads\/sci-alpinismo-val-dultimo-prezzi-sciare-offerte-last-minute-localita-sciistiche-sport-invernali-alto-adige-bolzano-occasioni-merano-bressanone-bz-dolomiti-vacanze-montagna-400x178.jpg 400w, https:\/\/www.larchenheim.com\/wp-content\/uploads\/sci-alpinismo-val-dultimo-prezzi-sciare-offerte-last-minute-localita-sciistiche-sport-invernali-alto-adige-bolzano-occasioni-merano-bressanone-bz-dolomiti-vacanze-montagna-600x268.jpg 600w, https:\/\/www.larchenheim.com\/wp-content\/uploads\/sci-alpinismo-val-dultimo-prezzi-sciare-offerte-last-minute-localita-sciistiche-sport-invernali-alto-adige-bolzano-occasioni-merano-bressanone-bz-dolomiti-vacanze-montagna-800x357.jpg 800w, https:\/\/www.larchenheim.com\/wp-content\/uploads\/sci-alpinismo-val-dultimo-prezzi-sciare-offerte-last-minute-localita-sciistiche-sport-invernali-alto-adige-bolzano-occasioni-merano-bressanone-bz-dolomiti-vacanze-montagna.jpg 1000w\" sizes=\"(min-width: 2200px) 100vw, (min-width: 712px) 530px, (min-width: 640px) 712px, \" \/>\n\t\n\n\n\t\t\t\t<\/a>\n\t\t\n\t\n<\/div>\n<\/li>\n\t\t\t\n\t\t\t\n\t\t\t\t\t\t\t\t\t\t\t\t\t\t\t\t\t\t\t\t\t\t\t\t\t\t\t\t\t\t\t\t\t\t\t\t\t\t\t\t\t\t\t\t\t\t\t\t\t\t\t\t\t\t\t\t\t\t\t\t\t\t\t\t\t\t\t\t<\/ul>\n\t<\/div>\n\t<div class=\"fusion-post-content-wrapper\" style=\"padding:30px 25px 20px 25px;\"><div class=\"fusion-post-content post-content\"><h2 class=\"blog-shortcode-post-title entry-title\"><a href=\"https:\/\/www.larchenheim.com\/de\/skitouren-ultental-lana-meran-suedtirol-urlaub-dolomiten-wintersport\">Skitouren<\/a><\/h2><p class=\"fusion-single-line-meta\"><span class=\"vcard\" style=\"display: none;\"><span class=\"fn\"><a href=\"https:\/\/www.larchenheim.com\/de\/author\/advstudio-it\" title=\"Beitr\u00e4ge von ADVstudio.it\" rel=\"author\">ADVstudio.it<\/a><\/span><\/span><span class=\"updated\" style=\"display:none;\">2024-02-22T18:50:13+01:00<\/span><a href=\"https:\/\/www.larchenheim.com\/de\/case-vacanza\/winterurlaub\" rel=\"category tag\">Winterurlaub<\/a><span class=\"fusion-inline-sep\">|<\/span><\/p><div class=\"fusion-content-sep sep-double sep-solid\" style=\"border-color:#ebeaea;\"><\/div><div class=\"fusion-post-content-container\"><p>     Skitouren in S\u00fcdtirol Das Ultental ist ein wahres Paradies f\u00fcr Skitourengeher mit unz\u00e4hligen M\u00f6glichkeiten sich auszutoben und unber\u00fchrte Natur zu entdecken.   Traum <a href=\"https:\/\/www.larchenheim.com\/de\/skitouren-ultental-lana-meran-suedtirol-urlaub-dolomiten-wintersport\">[...]<\/a><\/p><\/div><\/div><div class=\"fusion-meta-info\"><div class=\"fusion-alignleft\"><a class=\"fusion-read-more\" href=\"https:\/\/www.larchenheim.com\/de\/skitouren-ultental-lana-meran-suedtirol-urlaub-dolomiten-wintersport\" aria-label=\"More on Skitouren\">Read More<\/a><\/div><\/div><\/div><div class=\"fusion-clearfix\"><\/div><\/div>\n<\/article>\n<article id=\"blog-1-post-807\" class=\"fusion-post-grid post-807 post type-post status-publish format-standard has-post-thumbnail hentry category-winterurlaub\">\n<div class=\"fusion-post-wrapper\" style=\"background-color:rgba(255,255,255,0);border:1px solid #ebeaea;border-bottom-width:3px;\">\n\n\t\t\t<div class=\"fusion-flexslider flexslider fusion-flexslider-loading fusion-post-slideshow\" style=\"border-color:#ebeaea;\">\n\t\t<ul class=\"slides\">\n\t\t\t\n\t\t\t\t\t\t\t\t\t\t\t\t\t\t<li>\n\n<div  class=\"fusion-image-wrapper\" aria-haspopup=\"true\">\n\t\n\t\n\t\t\t\n\t\t\t\t<a href=\"https:\/\/www.larchenheim.com\/de\/langlauf-ultental-lana-meran-suedtirol-urlaub-dolomiten-wintersport\" aria-label=\"Langlaufen\">\n\t\t\n\t\t\n\t\t\t\t\t<img decoding=\"async\" width=\"1000\" height=\"446\" src=\"https:\/\/www.larchenheim.com\/wp-content\/uploads\/sci-da-fondo-sport-prezzi-escursioni-localita-sciistiche-sport-invernali-offerte-alto-adige-bolzano-merano-vacanze-occasioni-bressanone-bz-dolomiti-montagna.jpg\" class=\"attachment-full size-full wp-post-image\" alt=\"\" srcset=\"https:\/\/www.larchenheim.com\/wp-content\/uploads\/sci-da-fondo-sport-prezzi-escursioni-localita-sciistiche-sport-invernali-offerte-alto-adige-bolzano-merano-vacanze-occasioni-bressanone-bz-dolomiti-montagna-200x89.jpg 200w, https:\/\/www.larchenheim.com\/wp-content\/uploads\/sci-da-fondo-sport-prezzi-escursioni-localita-sciistiche-sport-invernali-offerte-alto-adige-bolzano-merano-vacanze-occasioni-bressanone-bz-dolomiti-montagna-400x178.jpg 400w, https:\/\/www.larchenheim.com\/wp-content\/uploads\/sci-da-fondo-sport-prezzi-escursioni-localita-sciistiche-sport-invernali-offerte-alto-adige-bolzano-merano-vacanze-occasioni-bressanone-bz-dolomiti-montagna-600x268.jpg 600w, https:\/\/www.larchenheim.com\/wp-content\/uploads\/sci-da-fondo-sport-prezzi-escursioni-localita-sciistiche-sport-invernali-offerte-alto-adige-bolzano-merano-vacanze-occasioni-bressanone-bz-dolomiti-montagna-800x357.jpg 800w, https:\/\/www.larchenheim.com\/wp-content\/uploads\/sci-da-fondo-sport-prezzi-escursioni-localita-sciistiche-sport-invernali-offerte-alto-adige-bolzano-merano-vacanze-occasioni-bressanone-bz-dolomiti-montagna.jpg 1000w\" sizes=\"(min-width: 2200px) 100vw, (min-width: 712px) 530px, (min-width: 640px) 712px, \" \/>\n\t\n\n\n\t\t\t\t<\/a>\n\t\t\n\t\n<\/div>\n<\/li>\n\t\t\t\n\t\t\t\n\t\t\t\t\t\t\t\t\t\t\t\t\t\t\t\t\t\t\t\t\t\t\t\t\t\t\t\t\t\t\t\t\t\t\t\t\t\t\t\t\t\t\t\t\t\t\t\t\t\t\t\t\t\t\t\t\t\t\t\t\t\t\t\t\t\t\t\t<\/ul>\n\t<\/div>\n\t<div class=\"fusion-post-content-wrapper\" style=\"padding:30px 25px 20px 25px;\"><div class=\"fusion-post-content post-content\"><h2 class=\"blog-shortcode-post-title entry-title\"><a href=\"https:\/\/www.larchenheim.com\/de\/langlauf-ultental-lana-meran-suedtirol-urlaub-dolomiten-wintersport\">Langlaufen<\/a><\/h2><p class=\"fusion-single-line-meta\"><span class=\"vcard\" style=\"display: none;\"><span class=\"fn\"><a href=\"https:\/\/www.larchenheim.com\/de\/author\/advstudio-it\" title=\"Beitr\u00e4ge von ADVstudio.it\" rel=\"author\">ADVstudio.it<\/a><\/span><\/span><span class=\"updated\" style=\"display:none;\">2024-02-22T18:49:43+01:00<\/span><a href=\"https:\/\/www.larchenheim.com\/de\/case-vacanza\/winterurlaub\" rel=\"category tag\">Winterurlaub<\/a><span class=\"fusion-inline-sep\">|<\/span><\/p><div class=\"fusion-content-sep sep-double sep-solid\" style=\"border-color:#ebeaea;\"><\/div><div class=\"fusion-post-content-container\"><p>     Wei\u00dfe Wochen Ultental Die Langlaufloipe befindet sich ganz in unserer N\u00e4he und durchquert Wiesen, H\u00e4nge und B\u00e4che mit glitzernden Schneeschuppen. Einfach fantastisch <a href=\"https:\/\/www.larchenheim.com\/de\/langlauf-ultental-lana-meran-suedtirol-urlaub-dolomiten-wintersport\">[...]<\/a><\/p><\/div><\/div><div class=\"fusion-meta-info\"><div class=\"fusion-alignleft\"><a class=\"fusion-read-more\" href=\"https:\/\/www.larchenheim.com\/de\/langlauf-ultental-lana-meran-suedtirol-urlaub-dolomiten-wintersport\" aria-label=\"More on Langlaufen\">Read More<\/a><\/div><\/div><\/div><div class=\"fusion-clearfix\"><\/div><\/div>\n<\/article>\n<article id=\"blog-1-post-805\" class=\"fusion-post-grid post-805 post type-post status-publish format-standard has-post-thumbnail hentry category-winterurlaub\">\n<div class=\"fusion-post-wrapper\" style=\"background-color:rgba(255,255,255,0);border:1px solid #ebeaea;border-bottom-width:3px;\">\n\n\t\t\t<div class=\"fusion-flexslider flexslider fusion-flexslider-loading fusion-post-slideshow\" style=\"border-color:#ebeaea;\">\n\t\t<ul class=\"slides\">\n\t\t\t\n\t\t\t\t\t\t\t\t\t\t\t\t\t\t<li>\n\n<div  class=\"fusion-image-wrapper\" aria-haspopup=\"true\">\n\t\n\t\n\t\t\t\n\t\t\t\t<a href=\"https:\/\/www.larchenheim.com\/de\/skifahren\" aria-label=\"Skifahren\">\n\t\t\n\t\t\n\t\t\t\t\t<img decoding=\"async\" width=\"1000\" height=\"446\" src=\"https:\/\/www.larchenheim.com\/wp-content\/uploads\/sci-prezzi-val-dultimo-sciare-localita-sciistiche-offerte-last-minute-sport-invernali-alto-adige-occasioni-bolzano-merano-bressanone-bz-dolomiti-montagna-vacanze.jpg\" class=\"attachment-full size-full wp-post-image\" alt=\"\" srcset=\"https:\/\/www.larchenheim.com\/wp-content\/uploads\/sci-prezzi-val-dultimo-sciare-localita-sciistiche-offerte-last-minute-sport-invernali-alto-adige-occasioni-bolzano-merano-bressanone-bz-dolomiti-montagna-vacanze-200x89.jpg 200w, https:\/\/www.larchenheim.com\/wp-content\/uploads\/sci-prezzi-val-dultimo-sciare-localita-sciistiche-offerte-last-minute-sport-invernali-alto-adige-occasioni-bolzano-merano-bressanone-bz-dolomiti-montagna-vacanze-400x178.jpg 400w, https:\/\/www.larchenheim.com\/wp-content\/uploads\/sci-prezzi-val-dultimo-sciare-localita-sciistiche-offerte-last-minute-sport-invernali-alto-adige-occasioni-bolzano-merano-bressanone-bz-dolomiti-montagna-vacanze-600x268.jpg 600w, https:\/\/www.larchenheim.com\/wp-content\/uploads\/sci-prezzi-val-dultimo-sciare-localita-sciistiche-offerte-last-minute-sport-invernali-alto-adige-occasioni-bolzano-merano-bressanone-bz-dolomiti-montagna-vacanze-800x357.jpg 800w, https:\/\/www.larchenheim.com\/wp-content\/uploads\/sci-prezzi-val-dultimo-sciare-localita-sciistiche-offerte-last-minute-sport-invernali-alto-adige-occasioni-bolzano-merano-bressanone-bz-dolomiti-montagna-vacanze.jpg 1000w\" sizes=\"(min-width: 2200px) 100vw, (min-width: 712px) 530px, (min-width: 640px) 712px, \" \/>\n\t\n\n\n\t\t\t\t<\/a>\n\t\t\n\t\n<\/div>\n<\/li>\n\t\t\t\n\t\t\t\n\t\t\t\t\t\t\t\t\t\t\t\t\t\t\t\t\t\t\t\t\t\t\t\t\t\t\t\t\t\t\t\t\t\t\t\t\t\t\t\t\t\t\t\t\t\t\t\t\t\t\t\t\t\t\t\t\t\t\t\t\t\t\t\t\t\t\t\t<\/ul>\n\t<\/div>\n\t<div class=\"fusion-post-content-wrapper\" style=\"padding:30px 25px 20px 25px;\"><div class=\"fusion-post-content post-content\"><h2 class=\"blog-shortcode-post-title entry-title\"><a href=\"https:\/\/www.larchenheim.com\/de\/skifahren\">Skifahren<\/a><\/h2><p class=\"fusion-single-line-meta\"><span class=\"vcard\" style=\"display: none;\"><span class=\"fn\"><a href=\"https:\/\/www.larchenheim.com\/de\/author\/advstudio-it\" title=\"Beitr\u00e4ge von ADVstudio.it\" rel=\"author\">ADVstudio.it<\/a><\/span><\/span><span class=\"updated\" style=\"display:none;\">2024-02-22T18:49:57+01:00<\/span><a href=\"https:\/\/www.larchenheim.com\/de\/case-vacanza\/winterurlaub\" rel=\"category tag\">Winterurlaub<\/a><span class=\"fusion-inline-sep\">|<\/span><\/p><div class=\"fusion-content-sep sep-double sep-solid\" style=\"border-color:#ebeaea;\"><\/div><div class=\"fusion-post-content-container\"><p>     Skifahren in St. Gertraud Das familienfreundliche Skigebiet Schwemmalm mit seinem Skikindergarten B\u00e4renh\u00f6hle bietet Spa\u00df ohne Ende. Das Skigebiet Schwemmalm mit sein <a href=\"https:\/\/www.larchenheim.com\/de\/skifahren\">[...]<\/a><\/p><\/div><\/div><div class=\"fusion-meta-info\"><div class=\"fusion-alignleft\"><a class=\"fusion-read-more\" href=\"https:\/\/www.larchenheim.com\/de\/skifahren\" aria-label=\"More on Skifahren\">Read More<\/a><\/div><\/div><\/div><div class=\"fusion-clearfix\"><\/div><\/div>\n<\/article>\n<div class=\"fusion-clearfix\"><\/div><\/div><\/div><div class=\"fusion-clearfix\"><\/div><\/div><\/div><\/div><\/div>\n","protected":false},"excerpt":{"rendered":"","protected":false},"author":1,"featured_media":0,"parent":0,"menu_order":0,"comment_status":"closed","ping_status":"closed","template":"","meta":{"footnotes":""},"_links":{"self":[{"href":"https:\/\/www.larchenheim.com\/de\/wp-json\/wp\/v2\/pages\/1282"}],"collection":[{"href":"https:\/\/www.larchenheim.com\/de\/wp-json\/wp\/v2\/pages"}],"about":[{"href":"https:\/\/www.larchenheim.com\/de\/wp-json\/wp\/v2\/types\/page"}],"author":[{"embeddable":true,"href":"https:\/\/www.larchenheim.com\/de\/wp-json\/wp\/v2\/users\/1"}],"replies":[{"embeddable":true,"href":"https:\/\/www.larchenheim.com\/de\/wp-json\/wp\/v2\/comments?post=1282"}],"version-history":[{"count":1,"href":"https:\/\/www.larchenheim.com\/de\/wp-json\/wp\/v2\/pages\/1282\/revisions"}],"predecessor-version":[{"id":1284,"href":"https:\/\/www.larchenheim.com\/de\/wp-json\/wp\/v2\/pages\/1282\/revisions\/1284"}],"wp:attachment":[{"href":"https:\/\/www.larchenheim.com\/de\/wp-json\/wp\/v2\/media?parent=1282"}],"curies":[{"name":"wp","href":"https:\/\/api.w.org\/{rel}","templated":true}]}}